{"id":3211,"date":"2021-05-24T19:59:49","date_gmt":"2021-05-24T19:59:49","guid":{"rendered":"https:\/\/porteseguros.com\/?page_id=3211"},"modified":"2024-04-29T21:05:32","modified_gmt":"2024-04-29T21:05:32","slug":"aviso-de-privacidad","status":"publish","type":"page","link":"https:\/\/porteseguros.com\/?page_id=3211","title":{"rendered":"Aviso de privacidad"},"content":{"rendered":"\t\t<div data-elementor-type=\"wp-page\" data-elementor-id=\"3211\" class=\"elementor elementor-3211\" data-elementor-post-type=\"page\">\n\t\t\t\t\t\t<section class=\"elementor-section elementor-top-section elementor-element elementor-element-1fad6c2 elementor-section-boxed elementor-section-height-default elementor-section-height-default\" data-id=\"1fad6c2\" data-element_type=\"section\">\n\t\t\t\t\t\t<div class=\"elementor-container elementor-column-gap-default\">\n\t\t\t\t\t<div class=\"elementor-column elementor-col-100 elementor-top-column elementor-element elementor-element-cfef8fb ot-flex-column-vertical\" data-id=\"cfef8fb\" data-element_type=\"column\">\n\t\t\t<div class=\"elementor-widget-wrap elementor-element-populated\">\n\t\t\t\t\t\t<section class=\"elementor-section elementor-inner-section elementor-element elementor-element-0e107ea elementor-section-boxed elementor-section-height-default elementor-section-height-default\" data-id=\"0e107ea\" data-element_type=\"section\">\n\t\t\t\t\t\t<div class=\"elementor-container elementor-column-gap-extended\">\n\t\t\t\t\t<div class=\"elementor-column elementor-col-100 elementor-inner-column elementor-element elementor-element-531351e ot-flex-column-vertical\" data-id=\"531351e\" data-element_type=\"column\">\n\t\t\t<div class=\"elementor-widget-wrap elementor-element-populated\">\n\t\t\t\t\t\t<div class=\"elementor-element elementor-element-f714140 elementor-widget elementor-widget-text-editor\" data-id=\"f714140\" data-element_type=\"widget\" data-widget_type=\"text-editor.default\">\n\t\t\t\t<div class=\"elementor-widget-container\">\n\t\t\t\t\t\t\t<p>Cuatro Asesor\u00eda y Protecci\u00f3n, Agente Seguros, S.A. de C.V. (en lo sucesivo el \u00abResponsable\u00bb), con domicilio en calle Pedro Moreno n\u00famero 1189, C.P 44160, Colonia Americana, Guadalajara, Jalisco, hace de su conocimiento el siguiente:<\/p><p>AVISO DE PRIVACIDAD INTEGRAL<\/p><ol><li>Medidas de Seguridad<\/li><\/ol><p>El Responsable se compromete con Usted a contar con las medias de seguridad f\u00edsicas, administrativas y t\u00e9cnicas, as\u00ed como la infraestructura tecnol\u00f3gica, administrativa, material y humana que permita asegurar que sus datos personales sean tratados en forma responsable, l\u00edcita, r\u00e1pida, precisa, completa y segura, para evitar su da\u00f1o, p\u00e9rdida, alteraci\u00f3n, destrucci\u00f3n o el uso, acceso o tratamiento no autorizado. Asimismo, custodiar\u00e1 la informaci\u00f3n de Usted solamente durante el tiempo que sea apropiado para los fines mencionados en este aviso o seg\u00fan sea requerido por la legislaci\u00f3n aplicable.<\/p><p>\u00danicamente el personal autorizado del Responsable, que ha cumplido y observado los correspondientes requisitos de confidencialidad, podr\u00e1 participar en el tratamiento de sus datos personales. El personal autorizado tiene prohibido permitir el acceso de personas no autorizadas y utilizar sus datos personales para fines distintos a los establecidos en el presente Aviso de Privacidad. La obligaci\u00f3n de confidencialidad de las personas que participan en el tratamiento de sus datos personales subsiste aun despu\u00e9s de terminada la relaci\u00f3n con el Responsable.<\/p><ol start=\"2\"><li>Definiciones<\/li><\/ol><p>Datos Personales: Cualquier informaci\u00f3n concerniente a una persona f\u00edsica identificada o identificable.<\/p><p>Datos Personales sensibles: Aquellos datos personales que afecten a la esfera m\u00e1s \u00edntima de su titular, o cuya utilizaci\u00f3n indebida pueda dar origen a discriminaci\u00f3n o conlleve un riesgo grave para \u00e9ste. En particular, se consideran sensibles aquellos que puedan revelar aspectos como origen racial, \u00e9tnico, estado de salud presente y futura, informaci\u00f3n gen\u00e9tica, creencias religiosas, filos\u00f3ficas y morales, afiliaci\u00f3n sindical, opiniones pol\u00edticas, preferencia sexual.Derechos ARCO: Derechos de acceso, rectificaci\u00f3n, cancelaci\u00f3n y oposici\u00f3n previstos en la Ley Federal de Protecci\u00f3n de Datos Personales en Posesi\u00f3n de los Particulares.<\/p><p>Encargado: La persona f\u00edsica o jur\u00eddica que sola o conjuntamente con otras trate datos personales por cuenta del responsable.<\/p><p>Ley: Ley Federal de Protecci\u00f3n de Datos Personales en Posesi\u00f3n de los Particulares.<\/p><p>Lineamientos: Lineamientos del Aviso de Privacidad.<\/p><p>Reglamento: Reglamento de la Ley Federal de Protecci\u00f3n de Datos Personales en Posesi\u00f3n de los Particulares.<\/p><p>Responsable: El Responsable, conjuntamente con sus empleados, socios y\/o subordinados. Titular: La persona f\u00edsica a quien corresponden los datos personales.<\/p><ol start=\"3\"><li>Datos Personales Tratados<\/li><\/ol><p>Le informamos que los datos personales que podr\u00edamos recabar y tratar de usted, incluyen todos aquellos que son proporcionados directamente por Usted y de manera indirecta en cualquier momento del tratamiento, mediante: v\u00eda telef\u00f3nica; correo electr\u00f3nico; cuando un cliente\/asegurado o trabajador lo menciona como referencia; cuando un cliente\/asegurado o trabajador lo se\u00f1ala como recomendado; cuando lo se\u00f1alan como dependiente econ\u00f3mico o como beneficiario. En caso de que usted proporcione sus datos personales por medio de la p\u00e1gina de internet www.porteseguros.com se har\u00e1 uso de cookies, web beacons y otras tecnolog\u00edas similares, por lo que usted recibir\u00e1 comunicaci\u00f3n en un lugar visible de nuestra p\u00e1gina sobre el hecho de que se le est\u00e1n recabando datos personales y es necesario ver el aviso de privacidad. Dichos datos personales consisten en:<\/p><table width=\"686\"><tbody><tr><td width=\"171\"><p>TIPO DE DATOS<\/p><\/td><td width=\"171\"><p>CLIENTES<\/p><\/td><td width=\"171\"><p>TRABAJADORES<\/p><\/td><td width=\"171\"><p>PROVEEDORES<\/p><\/td><\/tr><tr><td width=\"171\"><p>Identificaci\u00f3n y contacto<\/p><\/td><td width=\"171\"><p>X<\/p><\/td><td width=\"171\">\u00a0<\/td><td width=\"171\">\u00a0<\/td><\/tr><tr><td width=\"171\"><p>Laborales<\/p><\/td><td width=\"171\"><p>X<\/p><\/td><td width=\"171\"><p>X<\/p><\/td><td width=\"171\">\u00a0<\/td><\/tr><tr><td width=\"171\"><p>Acad\u00e9micos<\/p><\/td><td width=\"171\"><p>X<\/p><\/td><td width=\"171\">\u00a0<\/td><td width=\"171\">\u00a0<\/td><\/tr><tr><td width=\"171\"><p>Pasatiempo, entretenimiento y diversi\u00f3n<\/p><\/td><td width=\"171\"><p>X<\/p><\/td><td width=\"171\">\u00a0<\/td><td width=\"171\">\u00a0<\/td><\/tr><\/tbody><\/table><p>*En caso de que lo hayan se\u00f1alado como referencia o recomendado, \u00fanicamente contamos con datos que se ubican dentro del grupo \u201cdatos de identificaci\u00f3n y contacto\u201d.<\/p><p>En este tenor de ideas, y al ser necesario su se\u00f1alamiento expreso en t\u00e9rminos de la Ley, el Reglamento y los Lineamientos, podr\u00e1n formar parte del tratamiento los siguientes datos personales: (i)datos patrimoniales, financieros y especiales, como: n\u00famero de cuentas bancarias y cuentas clabe y n\u00famero de tarjetas de cr\u00e9dito, fecha de vencimiento y c\u00f3digo de seguridad de las mismas.(ii) datos sensibles en t\u00e9rminos de la Ley, tales como: ubicaci\u00f3n f\u00edsica, estado de salud presente, pasado y futuro, historial cl\u00ednico y antecedentes penales.<\/p><ol start=\"4\"><li>Finalidades:<\/li><\/ol><p>4.1 Clientes y p\u00fablico en general:<\/p><p>Las finalidades de obtener sus datos personales que dieron origen y son necesarias para la existencia, mantenimiento y cumplimiento de la relaci\u00f3n jur\u00eddica entre Usted y el Responsable (finalidades principales) son:<\/p><p>Principales:<\/p><ol><li>Consultor\u00eda, promoci\u00f3n, cotizaci\u00f3n, negociaci\u00f3n, intermediaci\u00f3n y colocaci\u00f3n de p\u00f3lizas de seguros.<\/li><li>Dar el debido cumplimiento a las obligaciones que se deriven de la relaci\u00f3n jur\u00eddica que exista entre usted y el Responsable o sus socios comerciales.<\/li><\/ol><ul><li>Dar cumplimiento a la legislaci\u00f3n aplicable.<\/li><\/ul><ol start=\"492\"><li>Cumplir con la Ley de Instituciones de Seguros y de Fianzas, en espec\u00edfico con las obligaciones que enmarca el art\u00edculo 492. \u201c\u2026Las Instituciones, las Sociedades Mutualistas, los agentes de seguros y los agentes de fianzas deber\u00e1n conservar, por al menos diez a\u00f1os, la informaci\u00f3n y documentaci\u00f3n a que se refiere el inciso c) del p\u00e1rrafo anterior, sin perjuicio de lo establecido en \u00e9ste u otros ordenamientos aplicables.\u201d \u2026<\/li><li>Captaci\u00f3n de clientes y asesor\u00eda en el pago de indemnizaciones en los t\u00e9rminos de los contratos de seguros, ofrecer soporte t\u00e9cnico, explicar a los asegurados sobre los productos y servicios que ofrece el Responsable.<\/li><li>Brindar apoyo y seguimiento para la integraci\u00f3n de un expediente de siniestro o reclamaci\u00f3n en su caso; as\u00ed como proporcionar informaci\u00f3n a la compa\u00f1\u00eda de seguros, y\/o ajustadores para lograr la correcta y pronta atenci\u00f3n, reparaci\u00f3n, indemnizaci\u00f3n o pago correspondiente.<\/li><\/ol><ul><li>An\u00e1lisis, consultor\u00eda, detecci\u00f3n, planeaci\u00f3n de sus necesidades financieras.<\/li><li>Gesti\u00f3n de cobranza de sus seguros, o servicios contratados.<\/li><\/ul><ol><li>Responder a sus requerimientos de informaci\u00f3n, atenci\u00f3n, servicio y dar atenci\u00f3n a las solicitudes de derechos ARCO.<\/li><li>Atender las solicitudes de revocaci\u00f3n de consentimiento.<\/li><li>Proveer los servicios solicitados y\/o contratados.<\/li><\/ol><ul><li>Incorporarlos en los instrumentos jur\u00eddicos que se requieran para la formalizaci\u00f3n de los servicios contratados.<\/li><li>Cumplimiento de las obligaciones derivadas de la relaci\u00f3n jur\u00eddica existente o que llegase a existir entre usted y el Responsable o sus socios comerciales.<\/li><li>Gesti\u00f3n para reclamar el pago de un siniestro o evento que actualice el cobro de una p\u00f3liza de seguro contratada.<\/li><\/ul><ol><li>Atenci\u00f3n de dudas y\/o aclaraciones respecto de los servicios o seguros contratados.<\/li><\/ol><ul><li>Seguimiento en todas las etapas procesales de la solicitud de pago de un siniestro o evento que actualice el cobro de una p\u00f3liza de seguro contratada a trav\u00e9s de los servicios del Responsable.<\/li><li>Acompa\u00f1amiento en todos los tr\u00e1mites necesarios para reclamar el pago de un seguro contratado.<\/li><li>Utilizarlos en cualquier tipo de acto o diligencia de cobranza judicial y\/o extrajudicial.<\/li><\/ul><p>Secundarias:<\/p><ol><li>Contactar al Titular para ofrecerle otros servicios y\/o productos, ya sean propios o de socios comerciales.<\/li><li>\u00a0<\/li><\/ol><ul><li>Publicidad o prospecci\u00f3n comercial.<\/li><\/ul><p>No consiento que mis datos personales se utilicen para los siguientes fines:<\/p><p>[\u00a0\u00a0 ] Contactarlo para ofrecerle otros productos y servicios, ya sean propios o de socios comerciales.<\/p><p>[\u00a0\u00a0 ] Mercadotecnia o publicitaria. [\u00a0\u00a0 ] Prospecci\u00f3n comercial.<\/p><p>La negativa para el uso de sus datos personales para estas finalidades secundarias no podr\u00e1 ser un motivo para que le neguemos los servicios y productos que solicita o contrata con nosotros.<\/p><ol start=\"5\"><li>Transferencias:<\/li><\/ol><p>El Titular autoriza al Responsable para que proporcione y\/ o transfiera todos sus datos personales, a\u00fan los sensibles y especiales, en t\u00e9rminos del presente aviso de privacidad,\u00a0 y en general utilizar la informaci\u00f3n que haya proporcionado al Responsable y\/ o que derive de la operaci\u00f3n de servicios contratados, a cualquier tercero que el Responsable previo acuerdo de confidencialidad y aceptaci\u00f3n de responsabilidades, cuando lo considere apto para compartir la misma a fin de dar cumplimiento a las finalidades aqu\u00ed se\u00f1aladas, as\u00ed como para los siguientes supuestos:<\/p><ol><li>Para salvaguardar la vida y\/o integridad f\u00edsica de los Titulares;<\/li><li>Para efecto de actividades promocionales, ofrecimiento de operaciones y servicios contratados;<\/li><\/ol><ul><li>Cuando requiera de un tercero una prestaci\u00f3n de servicios profesional o asesor\u00eda jur\u00eddica relacionada con la administraci\u00f3n, tratamiento cl\u00ednico, cobranza y el ejercicio de acciones legales;<\/li><\/ul><ol><li>Promotor\u00edas o direcciones de agencia de las compa\u00f1\u00edas aseguradoras con las que trabaja el Responsable, con la finalidad de que se lleve a cabo la emisi\u00f3n de la p\u00f3liza solicitada.<\/li><li>Para informar a las empresas del \u201csector de seguros\u201d, como compa\u00f1\u00edas aseguradoras para la celebraci\u00f3n, conservaci\u00f3n, cancelaci\u00f3n o modificaci\u00f3n de contratos de seguros.<\/li><li>A ajustadores o personal de la compa\u00f1\u00eda de seguros o contratados por estas, para dar cumplimiento a lo establecido en su respectivo contrato de seguro, \u00fanicamente con la finalidad de lograr la debida atenci\u00f3n, la procedencia de la p\u00f3liza conforme a las coberturas contratadas, el pago o indemnizaci\u00f3n correspondiente.<\/li><\/ol><p>El Responsable, el remitente o cualquier tercero seg\u00fan sea el caso aplicable, podr\u00e1 contactarlo en el domicilio y\/o tel\u00e9fono proporcionados por usted, ya sea en forma escrita, personal o v\u00eda telef\u00f3nica, de las 7 a las 22 horas para finalidades secundarias o situaciones generales, por otra parte, y por lo que ve a situaciones de emergencia o cuya finalidad sea improrrogable por su naturaleza, usted acepta que se habiliten horas y d\u00edas inh\u00e1biles; en el entendido de que el env\u00edo de correos electr\u00f3nicos podr\u00e1 realizarse a cualquier hora y bajo cualquier situaci\u00f3n.<\/p><ol start=\"6\"><li>Limite al uso o divulgaci\u00f3n:<\/li><\/ol><p>Usted podr\u00e1 limitar el uso y divulgaci\u00f3n de sus Datos Personales:<\/p><ol><li>A trav\u00e9s de la inscripci\u00f3n del Titular en el Registro P\u00fablico de Consumidores previsto en la<\/li><\/ol><p>Ley Federal de Protecci\u00f3n al Consumidor, y en el Registro P\u00fablico de Usuarios conforme a la Ley de Protecci\u00f3n y Defensa al Usuario de Servicios Financieros; y\/o<\/p><ol><li>El registro del Titular en listado de exclusi\u00f3n del Responsable, conforme al mecanismo y procedimiento se\u00f1alado en el punto n\u00famero 6 del presente aviso de privacidad.<\/li><\/ol><p>No obstante, lo anteriormente se\u00f1alado, el Titular tiene la elecci\u00f3n y el derecho en cualquier momento, de prohibir al Responsable que proporcione y\/ o transfiera sus datos personales a terceras personas mediante el procedimiento se\u00f1alado en el punto inmediato siguiente. Sin embargo, es importante que el Titular tenga en cuenta que no en todos los casos el Responsable podr\u00e1 atender su solicitud o concluir el uso de forma inmediata, ya que es posible que por alguna obligaci\u00f3n legal se requiera seguir tratando y\/o transfiriendo sus datos personales.<\/p><ol start=\"7\"><li>Ejercicio de Derechos ARCO, revocaci\u00f3n del consentimiento, limitaci\u00f3n del uso y divulgaci\u00f3n de los datos personales.<\/li><\/ol><p>Usted, por s\u00ed o mediante representante legal debidamente acreditado, tiene reconocidos y podr\u00e1 ejercitar los derechos de acceso, rectificaci\u00f3n, cancelaci\u00f3n y oposici\u00f3n frente al Responsable.<\/p><p>Para ello Usted o su representante legal podr\u00e1n solicitar mediante un escrito libre dirigido a la direcci\u00f3n de correo electr\u00f3nico: <strong>cap@porteseguros.com<\/strong>, dicho escrito deber\u00e1 cumplir con todos los requisitos se\u00f1alados en la Ley y el Reglamento, una vez cumplido lo anterior, deber\u00e1 enviar a<\/p><p>la misma direcci\u00f3n de correo electr\u00f3nico acompa\u00f1ado de la siguiente documentaci\u00f3n escaneada, a fin de que pueda llevarse a cabo la autenticaci\u00f3n del titular que quiera ejercer sus Derechos ARCO:<\/p><ol><li>Identificaci\u00f3n oficial vigente del Titular (Credencial del Instituto Federal Electoral, Pasaporte emitido por la Secretar\u00eda de Relaciones Exteriores, Cartilla del servicio Militar Nacional o C\u00e9dula Profesional).<\/li><li>En los casos en que el ejercicio de los Derechos ARCO se realice a trav\u00e9s del representante legal del Titular, adem\u00e1s de la acreditaci\u00f3n de la identidad de ambos, se deber\u00e1 entregar el poder notarial correspondiente o carta poder firmada ante dos testigos o declaraci\u00f3n en comparecencia del Titular.<\/li><\/ol><ul><li>Cuando se quiera ejercer el derecho de rectificaci\u00f3n, se tendr\u00e1 que entregar la documentaci\u00f3n que acredite el cambio solicitado de acuerdo con los datos personales a rectificar.<\/li><\/ul><p>La respuesta a dicho ejercicio se llevar\u00e1 a cabo por el responsable despu\u00e9s de 20 d\u00edas h\u00e1biles contados a partir de la fecha en que fue recibido el mismo. El responsable podr\u00e1 ampliar \u00e9ste plazo hasta por 20 d\u00edas h\u00e1biles m\u00e1s, cuando el caso lo amerite, previa notificaci\u00f3n fundada y motivada al Titular.<\/p><p>La resoluci\u00f3n adoptada por el Responsable ser\u00e1 comunicada al Titular a trav\u00e9s del correo electr\u00f3nico proporcionado por Usted.<\/p><p>La entrega de los Datos Personales ser\u00e1 gratuita, debiendo cubrir el Titular \u00fanicamente los gastos justificados de env\u00edo o con el costo de reproducci\u00f3n en copias u otros formatos, en los casos que lo amerite. No obstante, si el Titular reitera su solicitud en un periodo menor a doce meses, los costos no ser\u00e1n mayores a tres d\u00edas de UMAS a menos que existan modificaciones sustanciales al aviso de privacidad que motiven nuevas consultas.<\/p><p>En aquellos casos en los que se desee ejercer el derecho de Acceso a sus Datos Personales, la informaci\u00f3n solicitada ser\u00e1 proporcionada a trav\u00e9s del medio que Usted haya decidido en la solicitud de ejercicio de derechos ARCO y en el supuesto en el que el Responsable no cuente con sus Datos Personales, se lo informaremos por los medios a trav\u00e9s de los cu\u00e1les realiz\u00f3 la solicitud.<\/p><p>Para cualquier duda o aclaraci\u00f3n respecto del presente proceso favor de enviar un correo a la siguiente direcci\u00f3n de correo electr\u00f3nico: <strong>cap@porteseguros.com<\/strong>.<\/p><ol start=\"8\"><li>Cambios al Aviso de privacidad:<\/li><\/ol><p>En caso de cambios a este Aviso de Privacidad, el Responsable se compromete a hacerlo del conocimiento del Titular mediante: (i) Correo electr\u00f3nico, y\/o; (ii) Llamada telef\u00f3nica, y\/o; (iii) Anuncios visibles en su establecimiento y\/ o; (iv) Aviso en el siguiente sitio web:<\/p><p>www.porteseguros.com<\/p><ol start=\"9\"><li>Uso de cookies y web beacons:<\/li><\/ol><p>El Responsable le informa a Usted sobre el uso de mecanismos en medios remotos o locales de comunicaci\u00f3n electr\u00f3nica, \u00f3ptica u otra tecnolog\u00eda, que permiten recabar datos personales de manera autom\u00e1tica y simult\u00e1nea, a trav\u00e9s de nuestra p\u00e1gina de internet (cookies y web beacons).<\/p><p>Las \u00abcookies\u00bb mejoran la facilidad de navegaci\u00f3n en nuestro sitio web www.porteseguros.com \u00abCookie\u00bb es el t\u00e9rmino para los identificadores alfanum\u00e9ricos que un servidor web transfiere a su computadora a trav\u00e9s de su navegador de Internet.<\/p><p>Cuando su navegador de Internet visita una p\u00e1gina web, se genera una cookie con un n\u00famero \u00fanico y an\u00f3nimo para reconocer a su navegador, el cual se almacena en el directorio de cookies de su unidad de disco duro. Las \u00abcookies\u00bb pueden ser permanentes (se conservan en su computadora hasta que las borre) o temporales (duran s\u00f3lo hasta que el usuario cierre su navegador o por un per\u00edodo limitado).<\/p><p>El Responsable en su sitio Web utiliza cookies para grabar la informaci\u00f3n de sus preferencias de navegaci\u00f3n, as\u00ed como informaci\u00f3n t\u00e9cnica (n\u00famero de visitas, flujo de visitas, selecciones y opciones ejecutadas mediante el mouse o dispositivo equivalente), dicha informaci\u00f3n es an\u00f3nima, de tal manera que no se identifica personalmente a los usuarios, \u00fanicamente a sus equipos de c\u00f3mputo.<\/p><p>Las cookies pueden ser habilitadas o deshabilitadas a trav\u00e9s de las opciones de su equipo de c\u00f3mputo y\/o navegador de Internet. Sin embargo, en caso de desactivar esta opci\u00f3n, es posible que no se pueda acceder a algunas de las funciones personalizadas de nuestros sitios Web<\/p><ol start=\"10\"><li>Negativa o revocaci\u00f3n de consentimiento (datos obtenidos indirectamente):<\/li><\/ol><p>Usted tiene un plazo de cinco d\u00edas h\u00e1biles para que manifieste su negativa para el tratamiento de sus datos personales con respecto a los datos personales de Usted que obtuvimos de manera indirecta.<\/p><ol start=\"11\"><li>Autoridad competente:<\/li><\/ol><p>Le informamos que la autoridad competente para resolver cualquier conflicto derivado de la Ley es el Instituto Nacional de Transparencia, Acceso a la Informaci\u00f3n y Protecci\u00f3n de Datos Personales (INAI) y puedes saber m\u00e1s del tema en su p\u00e1gina www.inai.org.mx.<\/p><p>Fecha de \u00faltima actualizaci\u00f3n: 22 de abril de 2021 Aviso de privacidad elaborado por Ormuz M\u00e9xico www.ormuz.com.mx<\/p>\t\t\t\t\t\t<\/div>\n\t\t\t\t<\/div>\n\t\t\t\t\t<\/div>\n\t\t<\/div>\n\t\t\t\t\t<\/div>\n\t\t<\/section>\n\t\t\t\t\t<\/div>\n\t\t<\/div>\n\t\t\t\t\t<\/div>\n\t\t<\/section>\n\t\t\t\t<section class=\"elementor-section elementor-top-section elementor-element elementor-element-84019eb elementor-section-content-middle elementor-section-boxed elementor-section-height-default elementor-section-height-default\" data-id=\"84019eb\" data-element_type=\"section\" data-settings=\"{&quot;background_background&quot;:&quot;classic&quot;}\">\n\t\t\t\t\t\t<div class=\"elementor-container elementor-column-gap-extended\">\n\t\t\t\t\t<div class=\"elementor-column elementor-col-66 elementor-top-column elementor-element elementor-element-6f925c9 ot-flex-column-vertical\" data-id=\"6f925c9\" data-element_type=\"column\">\n\t\t\t<div class=\"elementor-widget-wrap elementor-element-populated\">\n\t\t\t\t\t\t<div class=\"elementor-element elementor-element-70c78a1 elementor-widget elementor-widget-heading\" data-id=\"70c78a1\" data-element_type=\"widget\" data-widget_type=\"heading.default\">\n\t\t\t\t<div class=\"elementor-widget-container\">\n\t\t\t<h2 class=\"elementor-heading-title elementor-size-default\">Para m\u00e1s informaci\u00f3n ll\u00e1manos<\/h2>\t\t<\/div>\n\t\t\t\t<\/div>\n\t\t\t\t<div class=\"elementor-element elementor-element-a41d7e6 elementor-widget elementor-widget-text-editor\" data-id=\"a41d7e6\" data-element_type=\"widget\" data-widget_type=\"text-editor.default\">\n\t\t\t\t<div class=\"elementor-widget-container\">\n\t\t\t\t\t\t\t<p>N\u00famero telef\u00f3nico: 3338263092 y 3336770721<\/p>\t\t\t\t\t\t<\/div>\n\t\t\t\t<\/div>\n\t\t\t\t\t<\/div>\n\t\t<\/div>\n\t\t\t\t<div class=\"elementor-column elementor-col-33 elementor-top-column elementor-element elementor-element-152805f ot-flex-column-vertical\" data-id=\"152805f\" data-element_type=\"column\">\n\t\t\t<div class=\"elementor-widget-wrap elementor-element-populated\">\n\t\t\t\t\t\t<div class=\"elementor-element elementor-element-c53e4ac elementor-align-right elementor-mobile-align-left elementor-widget elementor-widget-ibutton\" data-id=\"c53e4ac\" data-element_type=\"widget\" data-widget_type=\"ibutton.default\">\n\t\t\t\t<div class=\"elementor-widget-container\">\n\t\t\t\t\t<div class=\"ot-button\">\r\n\t\t\t<a href=\"https:\/\/porteseguros.com\/?page_id=455\" class=\"octf-btn octf-btn-main\">Contacto<\/a>\r\n\t    <\/div>\r\n\t    \t\t<\/div>\n\t\t\t\t<\/div>\n\t\t\t\t\t<\/div>\n\t\t<\/div>\n\t\t\t\t\t<\/div>\n\t\t<\/section>\n\t\t\t\t<\/div>\n\t\t","protected":false},"excerpt":{"rendered":"<p>Cuatro Asesor\u00eda y Protecci\u00f3n, Agente Seguros, S.A. de C.V. (en lo sucesivo el \u00abResponsable\u00bb), con domicilio en calle Pedro Moreno n\u00famero 1189, C.P 44160, Colonia Americana, Guadalajara, Jalisco, hace de su conocimiento el siguiente: AVISO DE PRIVACIDAD INTEGRAL Medidas de Seguridad El Responsable se compromete con Usted a contar con las medias de seguridad f\u00edsicas, [&hellip;]<\/p>\n","protected":false},"author":1,"featured_media":0,"parent":0,"menu_order":0,"comment_status":"closed","ping_status":"closed","template":"","meta":{"footnotes":""},"yoast_head":"<!-- This site is optimized with the Yoast SEO plugin v22.3 - https:\/\/yoast.com\/wordpress\/plugins\/seo\/ -->\n<title>Aviso de privacidad - Porte seguros - Agentes de seguros<\/title>\n<meta name=\"robots\" content=\"index, follow, max-snippet:-1, max-image-preview:large, max-video-preview:-1\" \/>\n<link rel=\"canonical\" href=\"https:\/\/porteseguros.com\/?page_id=3211\" \/>\n<meta property=\"og:locale\" content=\"es_ES\" \/>\n<meta property=\"og:type\" content=\"article\" \/>\n<meta property=\"og:title\" content=\"Aviso de privacidad - Porte seguros - Agentes de seguros\" \/>\n<meta property=\"og:description\" content=\"Cuatro Asesor\u00eda y Protecci\u00f3n, Agente Seguros, S.A. de C.V. (en lo sucesivo el \u00abResponsable\u00bb), con domicilio en calle Pedro Moreno n\u00famero 1189, C.P 44160, Colonia Americana, Guadalajara, Jalisco, hace de su conocimiento el siguiente: AVISO DE PRIVACIDAD INTEGRAL Medidas de Seguridad El Responsable se compromete con Usted a contar con las medias de seguridad f\u00edsicas, [&hellip;]\" \/>\n<meta property=\"og:url\" content=\"https:\/\/porteseguros.com\/?page_id=3211\" \/>\n<meta property=\"og:site_name\" content=\"Porte seguros - Agentes de seguros\" \/>\n<meta property=\"article:publisher\" content=\"https:\/\/www.facebook.com\/pages\/Porte-Seguros\/100105071582156\" \/>\n<meta property=\"article:modified_time\" content=\"2024-04-29T21:05:32+00:00\" \/>\n<meta name=\"twitter:card\" content=\"summary_large_image\" \/>\n<meta name=\"twitter:label1\" content=\"Tiempo de lectura\" \/>\n\t<meta name=\"twitter:data1\" content=\"12 minutos\" \/>\n<script type=\"application\/ld+json\" class=\"yoast-schema-graph\">{\"@context\":\"https:\/\/schema.org\",\"@graph\":[{\"@type\":\"WebPage\",\"@id\":\"https:\/\/porteseguros.com\/?page_id=3211\",\"url\":\"https:\/\/porteseguros.com\/?page_id=3211\",\"name\":\"Aviso de privacidad - Porte seguros - Agentes de seguros\",\"isPartOf\":{\"@id\":\"https:\/\/porteseguros.com\/#website\"},\"datePublished\":\"2021-05-24T19:59:49+00:00\",\"dateModified\":\"2024-04-29T21:05:32+00:00\",\"breadcrumb\":{\"@id\":\"https:\/\/porteseguros.com\/?page_id=3211#breadcrumb\"},\"inLanguage\":\"es\",\"potentialAction\":[{\"@type\":\"ReadAction\",\"target\":[\"https:\/\/porteseguros.com\/?page_id=3211\"]}]},{\"@type\":\"BreadcrumbList\",\"@id\":\"https:\/\/porteseguros.com\/?page_id=3211#breadcrumb\",\"itemListElement\":[{\"@type\":\"ListItem\",\"position\":1,\"name\":\"Portada\",\"item\":\"https:\/\/porteseguros.com\/\"},{\"@type\":\"ListItem\",\"position\":2,\"name\":\"Aviso de privacidad\"}]},{\"@type\":\"WebSite\",\"@id\":\"https:\/\/porteseguros.com\/#website\",\"url\":\"https:\/\/porteseguros.com\/\",\"name\":\"Porte seguros\",\"description\":\"Seguro de autom\u00f3vil, seguro de gastos m\u00e9dicos, seguro de vida.\",\"publisher\":{\"@id\":\"https:\/\/porteseguros.com\/#organization\"},\"potentialAction\":[{\"@type\":\"SearchAction\",\"target\":{\"@type\":\"EntryPoint\",\"urlTemplate\":\"https:\/\/porteseguros.com\/?s={search_term_string}\"},\"query-input\":\"required name=search_term_string\"}],\"inLanguage\":\"es\"},{\"@type\":\"Organization\",\"@id\":\"https:\/\/porteseguros.com\/#organization\",\"name\":\"Porte Seguros\",\"url\":\"https:\/\/porteseguros.com\/\",\"logo\":{\"@type\":\"ImageObject\",\"inLanguage\":\"es\",\"@id\":\"https:\/\/porteseguros.com\/#\/schema\/logo\/image\/\",\"url\":\"https:\/\/porteseguros.com\/wp-content\/uploads\/2023\/11\/PorLog.jpg\",\"contentUrl\":\"https:\/\/porteseguros.com\/wp-content\/uploads\/2023\/11\/PorLog.jpg\",\"width\":200,\"height\":200,\"caption\":\"Porte Seguros\"},\"image\":{\"@id\":\"https:\/\/porteseguros.com\/#\/schema\/logo\/image\/\"},\"sameAs\":[\"https:\/\/www.facebook.com\/pages\/Porte-Seguros\/100105071582156\"]}]}<\/script>\n<!-- \/ Yoast SEO plugin. -->","yoast_head_json":{"title":"Aviso de privacidad - Porte seguros - Agentes de seguros","robots":{"index":"index","follow":"follow","max-snippet":"max-snippet:-1","max-image-preview":"max-image-preview:large","max-video-preview":"max-video-preview:-1"},"canonical":"https:\/\/porteseguros.com\/?page_id=3211","og_locale":"es_ES","og_type":"article","og_title":"Aviso de privacidad - Porte seguros - Agentes de seguros","og_description":"Cuatro Asesor\u00eda y Protecci\u00f3n, Agente Seguros, S.A. de C.V. (en lo sucesivo el \u00abResponsable\u00bb), con domicilio en calle Pedro Moreno n\u00famero 1189, C.P 44160, Colonia Americana, Guadalajara, Jalisco, hace de su conocimiento el siguiente: AVISO DE PRIVACIDAD INTEGRAL Medidas de Seguridad El Responsable se compromete con Usted a contar con las medias de seguridad f\u00edsicas, [&hellip;]","og_url":"https:\/\/porteseguros.com\/?page_id=3211","og_site_name":"Porte seguros - Agentes de seguros","article_publisher":"https:\/\/www.facebook.com\/pages\/Porte-Seguros\/100105071582156","article_modified_time":"2024-04-29T21:05:32+00:00","twitter_card":"summary_large_image","twitter_misc":{"Tiempo de lectura":"12 minutos"},"schema":{"@context":"https:\/\/schema.org","@graph":[{"@type":"WebPage","@id":"https:\/\/porteseguros.com\/?page_id=3211","url":"https:\/\/porteseguros.com\/?page_id=3211","name":"Aviso de privacidad - Porte seguros - Agentes de seguros","isPartOf":{"@id":"https:\/\/porteseguros.com\/#website"},"datePublished":"2021-05-24T19:59:49+00:00","dateModified":"2024-04-29T21:05:32+00:00","breadcrumb":{"@id":"https:\/\/porteseguros.com\/?page_id=3211#breadcrumb"},"inLanguage":"es","potentialAction":[{"@type":"ReadAction","target":["https:\/\/porteseguros.com\/?page_id=3211"]}]},{"@type":"BreadcrumbList","@id":"https:\/\/porteseguros.com\/?page_id=3211#breadcrumb","itemListElement":[{"@type":"ListItem","position":1,"name":"Portada","item":"https:\/\/porteseguros.com\/"},{"@type":"ListItem","position":2,"name":"Aviso de privacidad"}]},{"@type":"WebSite","@id":"https:\/\/porteseguros.com\/#website","url":"https:\/\/porteseguros.com\/","name":"Porte seguros","description":"Seguro de autom\u00f3vil, seguro de gastos m\u00e9dicos, seguro de vida.","publisher":{"@id":"https:\/\/porteseguros.com\/#organization"},"potentialAction":[{"@type":"SearchAction","target":{"@type":"EntryPoint","urlTemplate":"https:\/\/porteseguros.com\/?s={search_term_string}"},"query-input":"required name=search_term_string"}],"inLanguage":"es"},{"@type":"Organization","@id":"https:\/\/porteseguros.com\/#organization","name":"Porte Seguros","url":"https:\/\/porteseguros.com\/","logo":{"@type":"ImageObject","inLanguage":"es","@id":"https:\/\/porteseguros.com\/#\/schema\/logo\/image\/","url":"https:\/\/porteseguros.com\/wp-content\/uploads\/2023\/11\/PorLog.jpg","contentUrl":"https:\/\/porteseguros.com\/wp-content\/uploads\/2023\/11\/PorLog.jpg","width":200,"height":200,"caption":"Porte Seguros"},"image":{"@id":"https:\/\/porteseguros.com\/#\/schema\/logo\/image\/"},"sameAs":["https:\/\/www.facebook.com\/pages\/Porte-Seguros\/100105071582156"]}]}},"_links":{"self":[{"href":"https:\/\/porteseguros.com\/index.php?rest_route=\/wp\/v2\/pages\/3211"}],"collection":[{"href":"https:\/\/porteseguros.com\/index.php?rest_route=\/wp\/v2\/pages"}],"about":[{"href":"https:\/\/porteseguros.com\/index.php?rest_route=\/wp\/v2\/types\/page"}],"author":[{"embeddable":true,"href":"https:\/\/porteseguros.com\/index.php?rest_route=\/wp\/v2\/users\/1"}],"replies":[{"embeddable":true,"href":"https:\/\/porteseguros.com\/index.php?rest_route=%2Fwp%2Fv2%2Fcomments&post=3211"}],"version-history":[{"count":23,"href":"https:\/\/porteseguros.com\/index.php?rest_route=\/wp\/v2\/pages\/3211\/revisions"}],"predecessor-version":[{"id":4143,"href":"https:\/\/porteseguros.com\/index.php?rest_route=\/wp\/v2\/pages\/3211\/revisions\/4143"}],"wp:attachment":[{"href":"https:\/\/porteseguros.com\/index.php?rest_route=%2Fwp%2Fv2%2Fmedia&parent=3211"}],"curies":[{"name":"wp","href":"https:\/\/api.w.org\/{rel}","templated":true}]}}